{"id":3766,"date":"2015-07-07T09:11:51","date_gmt":"2015-07-07T09:11:51","guid":{"rendered":"http:\/\/sepia.unil.ch\/eet\/?page_id=3766"},"modified":"2020-01-21T08:49:12","modified_gmt":"2020-01-21T08:49:12","slug":"a-propos","status":"publish","type":"page","link":"https:\/\/sepia2.unil.ch\/eet\/a-propos\/","title":{"rendered":"A propos"},"content":{"rendered":"<!--themify_builder_content-->\n<div id=\"themify_builder_content-3766\" data-postid=\"3766\" class=\"themify_builder_content themify_builder_content-3766 themify_builder tf_clear\">\n    \t\t\t\t<!-- module_row -->\n\t\t<div  data-lazy=\"1\" class=\"module_row themify_builder_row tb_ffcc108 tb_first tf_w tf_clearfix\">\n\t\t\t\t\t<div class=\"row_inner col_align_top tb_col_count_1 tf_box tf_rel\">\n\t\t\t\t\t<div  data-lazy=\"1\" class=\"module_column tb-column col-full tb_5e847da first\">\n\t\t\t\t\t\t\t\t\t<div class=\"tb-column-inner tf_box tf_w\">\n\t\t\t\t<!-- module text -->\n<div  class=\"module module-text tb_5753c2a  repeat \" data-lazy=\"1\">\n        <div  class=\"tb_text_wrap\">\n    <p>L\u2019Espace \u00abenseignement et technologies\u00bb (EET) est un site d\u00e9velopp\u00e9 par le <a href=\"https:\/\/www.unil.ch\/riset\" target=\"_blank\" rel=\"noopener noreferrer\">RISET<\/a>\u00a0afin de\u00a0soutenir et valoriser les initiatives d\u2019int\u00e9gration des technologies dans l\u2019enseignement \u00e0 l\u2019UNIL.<\/p>\n<p>L\u2019objectif de ce site n\u2019est pas de faire une description g\u00e9n\u00e9rale et exhaustive des diverses approches techno-p\u00e9dagogiques, mais d\u2019illustrer les activit\u00e9s et usages p\u00e9dagogiques mis en \u0153uvre dans le cadre sp\u00e9cifique des enseignements de l\u2019UNIL.<\/p>\n<p>Les ressources propos\u00e9es sont regroup\u00e9es dans les cat\u00e9gories suivantes\u00a0:<\/p>\n<ul>\n<li><strong>articles<\/strong>\u00a0: descriptions de sc\u00e9narios et d\u2019activit\u00e9s p\u00e9dagogiques, pr\u00e9sentations d\u2019outils ou exemples de pratiques<\/li>\n<li><strong>notes moodle\u00a0<\/strong>: tutoriels et descriptions d\u2019activit\u00e9s li\u00e9es \u00e0 la plateforme d\u2019enseignement Moodle<\/li>\n<li><strong>vitrine de projets\u00a0<\/strong>: descriptions de projets d\u2019enseignement innovants en majorit\u00e9 r\u00e9alis\u00e9s dans le cadre du Fonds d\u2019Innovation P\u00e9dagogique de l\u2019UNIL (FIP)<\/li>\n<li><strong>dossiers th\u00e9matiques\u00a0<\/strong>: documents de synth\u00e8se collective concernant les usages techno-p\u00e9dagogiques inventori\u00e9s dans l\u2019ensemble des facult\u00e9s de l\u2019UNIL ainsi qu&rsquo;au centre de langue et \u00e0 la formation continue UNIL-EPFL. Les sujets trait\u00e9s sont issus des r\u00e9flexions p\u00e9dagogiques qui animent ou ont anim\u00e9 le r\u00e9seau RISET, dans son objectif d\u2019am\u00e9liorer la qualit\u00e9 de l\u2019enseignement \u00e0 l\u2019UNIL.<\/li>\n<\/ul>\n<p>Vous pouvez effectuer une recherche par mot-cl\u00e9 ou via les filtres propos\u00e9s dans l\u2019ensemble de ces ressources ou dans une ou plusieurs cat\u00e9gorie-s d\u00e9finie-s ci-dessus.<\/p>\n<p>Pour suivre l\u2019essentiel des\u00a0actualit\u00e9s publi\u00e9es par les membres du RISET, vous pouvez : vous abonner \u00e0 notre <a href=\"https:\/\/sepia.unil.ch\/eet\/feed\" target=\"_blank\" rel=\"noopener noreferrer\">flux RSS<\/a> ou nous suivre sur <a href=\"https:\/\/twitter.com\/riset_unil\" target=\"_blank\" rel=\"noopener noreferrer\">Twitter<\/a>.<\/p>\n<p>N\u2019h\u00e9sitez pas \u00e0 nous faire partager votre avis, vos remarques par mail \u00e0 <a href=\"mailto:Jean-Francois.Vandepoel@unil.ch\">Jean-Fran\u00e7ois Van de Po\u00ebl<\/a>. \u00a0<\/p>\n<h4>Cr\u00e9dits:<\/h4>\n<p>Photo de la homepage:\u00a0\u00a9 Ezume Images &#8211; Fotolia.com<\/p>\n<p><a href=\"http:\/\/www.unil.ch\/riset\/home\/legalinformation.html\" target=\"_blank\" rel=\"noopener noreferrer\">Informations l\u00e9gales<\/a><\/p>\n<h3>\u00a0<\/h3>    <\/div>\n<\/div>\n<!-- \/module text -->\t\t\t\t<\/div><!-- .tb-column-inner -->\n\t\t\t\t\t\t<\/div><!-- .module_column -->\n\t\t\t\t\t\t<\/div><!-- .row_inner -->\n\t\t<\/div><!-- .module_row -->\n\t\t\t\t<\/div>\n<!--\/themify_builder_content-->","protected":false},"excerpt":{"rendered":"<p>L\u2019Espace \u00abenseignement et technologies\u00bb (EET) est un site d\u00e9velopp\u00e9 par le RISET\u00a0afin de\u00a0soutenir et valoriser les initiatives d\u2019int\u00e9gration des technologies dans l\u2019enseignement \u00e0 l\u2019UNIL. L\u2019objectif de ce site n\u2019est pas de faire une description g\u00e9n\u00e9rale et exhaustive des diverses approches techno-p\u00e9dagogiques, mais d\u2019illustrer les activit\u00e9s et usages p\u00e9dagogiques mis en \u0153uvre dans le cadre sp\u00e9cifique [&hellip;]<\/p>\n","protected":false},"author":2,"featured_media":0,"parent":0,"menu_order":0,"comment_status":"closed","ping_status":"closed","template":"","meta":{"footnotes":""},"class_list":["post-3766","page","type-page","status-publish","hentry","has-post-title","has-post-date","has-post-category","has-post-tag","has-post-comment","has-post-author",""],"builder_content":"<p>L\u2019Espace \u00abenseignement et technologies\u00bb (EET) est un site d\u00e9velopp\u00e9 par le <a href=\"https:\/\/www.unil.ch\/riset\" target=\"_blank\" rel=\"noopener noreferrer\">RISET<\/a>\u00a0afin de\u00a0soutenir et valoriser les initiatives d\u2019int\u00e9gration des technologies dans l\u2019enseignement \u00e0 l\u2019UNIL.<\/p> <p>L\u2019objectif de ce site n\u2019est pas de faire une description g\u00e9n\u00e9rale et exhaustive des diverses approches techno-p\u00e9dagogiques, mais d\u2019illustrer les activit\u00e9s et usages p\u00e9dagogiques mis en \u0153uvre dans le cadre sp\u00e9cifique des enseignements de l\u2019UNIL.<\/p> <p>Les ressources propos\u00e9es sont regroup\u00e9es dans les cat\u00e9gories suivantes\u00a0:<\/p> <ul> <li><strong>articles<\/strong>\u00a0: descriptions de sc\u00e9narios et d\u2019activit\u00e9s p\u00e9dagogiques, pr\u00e9sentations d\u2019outils ou exemples de pratiques<\/li> <li><strong>notes moodle\u00a0<\/strong>: tutoriels et descriptions d\u2019activit\u00e9s li\u00e9es \u00e0 la plateforme d\u2019enseignement Moodle<\/li> <li><strong>vitrine de projets\u00a0<\/strong>: descriptions de projets d\u2019enseignement innovants en majorit\u00e9 r\u00e9alis\u00e9s dans le cadre du Fonds d\u2019Innovation P\u00e9dagogique de l\u2019UNIL (FIP)<\/li> <li><strong>dossiers th\u00e9matiques\u00a0<\/strong>: documents de synth\u00e8se collective concernant les usages techno-p\u00e9dagogiques inventori\u00e9s dans l\u2019ensemble des facult\u00e9s de l\u2019UNIL ainsi qu'au centre de langue et \u00e0 la formation continue UNIL-EPFL. Les sujets trait\u00e9s sont issus des r\u00e9flexions p\u00e9dagogiques qui animent ou ont anim\u00e9 le r\u00e9seau RISET, dans son objectif d\u2019am\u00e9liorer la qualit\u00e9 de l\u2019enseignement \u00e0 l\u2019UNIL.<\/li> <\/ul> <p>Vous pouvez effectuer une recherche par mot-cl\u00e9 ou via les filtres propos\u00e9s dans l\u2019ensemble de ces ressources ou dans une ou plusieurs cat\u00e9gorie-s d\u00e9finie-s ci-dessus.<\/p> <p>Pour suivre l\u2019essentiel des\u00a0actualit\u00e9s publi\u00e9es par les membres du RISET, vous pouvez : vous abonner \u00e0 notre <a href=\"https:\/\/sepia.unil.ch\/eet\/feed\" target=\"_blank\" rel=\"noopener noreferrer\">flux RSS<\/a> ou nous suivre sur <a href=\"https:\/\/twitter.com\/riset_unil\" target=\"_blank\" rel=\"noopener noreferrer\">Twitter<\/a>.<\/p> <p>N\u2019h\u00e9sitez pas \u00e0 nous faire partager votre avis, vos remarques par mail \u00e0 <a href=\"mailto:Jean-Francois.Vandepoel@unil.ch\">Jean-Fran\u00e7ois Van de Po\u00ebl<\/a>. \u00a0<\/p> <h4>Cr\u00e9dits:<\/h4> <p>Photo de la homepage:\u00a0\u00a9 Ezume Images - Fotolia.com<\/p> <p><a href=\"http:\/\/www.unil.ch\/riset\/home\/legalinformation.html\" target=\"_blank\" rel=\"noopener noreferrer\">Informations l\u00e9gales<\/a><\/p> <h3>\u00a0<\/h3>","_links":{"self":[{"href":"https:\/\/sepia2.unil.ch\/eet\/wp-json\/wp\/v2\/pages\/3766","targetHints":{"allow":["GET"]}}],"collection":[{"href":"https:\/\/sepia2.unil.ch\/eet\/wp-json\/wp\/v2\/pages"}],"about":[{"href":"https:\/\/sepia2.unil.ch\/eet\/wp-json\/wp\/v2\/types\/page"}],"author":[{"embeddable":true,"href":"https:\/\/sepia2.unil.ch\/eet\/wp-json\/wp\/v2\/users\/2"}],"replies":[{"embeddable":true,"href":"https:\/\/sepia2.unil.ch\/eet\/wp-json\/wp\/v2\/comments?post=3766"}],"version-history":[{"count":20,"href":"https:\/\/sepia2.unil.ch\/eet\/wp-json\/wp\/v2\/pages\/3766\/revisions"}],"predecessor-version":[{"id":8587,"href":"https:\/\/sepia2.unil.ch\/eet\/wp-json\/wp\/v2\/pages\/3766\/revisions\/8587"}],"wp:attachment":[{"href":"https:\/\/sepia2.unil.ch\/eet\/wp-json\/wp\/v2\/media?parent=3766"}],"curies":[{"name":"wp","href":"https:\/\/api.w.org\/{rel}","templated":true}]}}